{"id":77,"date":"2017-12-15T22:57:21","date_gmt":"2017-12-15T22:57:21","guid":{"rendered":"http:\/\/sagramtbrace.es\/?page_id=77"},"modified":"2025-05-21T16:57:07","modified_gmt":"2025-05-21T16:57:07","slug":"recorrido","status":"publish","type":"page","link":"https:\/\/sagramtbrace.es\/?page_id=77","title":{"rendered":"Recorrido"},"content":{"rendered":"<p>Hemos tenido en cuenta los distintos niveles f\u00edsicos y t\u00e9cnicos. As\u00ed, ofertamos dos recorridos, uno corto de 40 km y 978 metros de desnivel positivo, y otro largo de 57 km y 1653 metros de desnivel positivo.<\/p>\n<p><strong>Perfil del recorrido Corto:<\/strong><\/p>\n<p><a href=\"https:\/\/sagramtbrace.es\/download\/VII_SAGRA_MTB_RACE_Carrera_corta.gpx\">Descarga de track en GPX<\/a><\/p>\n<p style=\"text-align: left;\"><a href=\"https:\/\/www.strava.com\/routes\/3350402412894982662\"><img loading=\"lazy\" decoding=\"async\" class=\"alignnone wp-image-843\" src=\"http:\/\/sagramtbrace.es\/wp-content\/uploads\/2025\/04\/stravalogo.png\" alt=\"\" width=\"120\" height=\"29\" srcset=\"https:\/\/sagramtbrace.es\/wp-content\/uploads\/2025\/04\/stravalogo.png 311w, https:\/\/sagramtbrace.es\/wp-content\/uploads\/2025\/04\/stravalogo-300x71.png 300w\" sizes=\"auto, (max-width: 120px) 100vw, 120px\" \/><\/a><strong style=\"font-size: revert; color: initial;\"><img loading=\"lazy\" decoding=\"async\" class=\"size-full wp-image-842 alignnone\" src=\"http:\/\/sagramtbrace.es\/wp-content\/uploads\/2025\/04\/PerfilCarreraCorta2025.png\" alt=\"\" width=\"846\" height=\"203\" srcset=\"https:\/\/sagramtbrace.es\/wp-content\/uploads\/2025\/04\/PerfilCarreraCorta2025.png 846w, https:\/\/sagramtbrace.es\/wp-content\/uploads\/2025\/04\/PerfilCarreraCorta2025-300x72.png 300w, https:\/\/sagramtbrace.es\/wp-content\/uploads\/2025\/04\/PerfilCarreraCorta2025-768x184.png 768w\" sizes=\"auto, (max-width: 846px) 100vw, 846px\" \/><\/strong><strong style=\"font-size: revert; color: initial;\">\u00a0 \u00a0 \u00a0 <\/strong><strong style=\"font-size: revert; color: initial;\">\u00a0 \u00a0 \u00a0 \u00a0 \u00a0 \u00a0 \u00a0 \u00a0 \u00a0\u00a0<\/strong><\/p>\n<p style=\"text-align: left;\"><strong style=\"font-size: revert; color: initial;\">P<\/strong><strong>erfil del recorrido Largo:<\/strong><\/p>\n<p><a href=\"https:\/\/sagramtbrace.es\/download\/VII_SAGRA_MTB_RACE_Carrera_larga.gpx\">Descarga de track en GPX<\/a><\/p>\n<p><a href=\"https:\/\/www.strava.com\/routes\/3350399281690802172\"><img loading=\"lazy\" decoding=\"async\" class=\"alignnone wp-image-843\" src=\"http:\/\/sagramtbrace.es\/wp-content\/uploads\/2025\/04\/stravalogo.png\" alt=\"\" width=\"120\" height=\"29\" srcset=\"https:\/\/sagramtbrace.es\/wp-content\/uploads\/2025\/04\/stravalogo.png 311w, https:\/\/sagramtbrace.es\/wp-content\/uploads\/2025\/04\/stravalogo-300x71.png 300w\" sizes=\"auto, (max-width: 120px) 100vw, 120px\" \/><\/a><img loading=\"lazy\" decoding=\"async\" class=\"size-full wp-image-840 alignnone\" src=\"http:\/\/sagramtbrace.es\/wp-content\/uploads\/2025\/04\/PerfilCarreraLarga.png\" alt=\"\" width=\"850\" height=\"189\" srcset=\"https:\/\/sagramtbrace.es\/wp-content\/uploads\/2025\/04\/PerfilCarreraLarga.png 850w, https:\/\/sagramtbrace.es\/wp-content\/uploads\/2025\/04\/PerfilCarreraLarga-300x67.png 300w, https:\/\/sagramtbrace.es\/wp-content\/uploads\/2025\/04\/PerfilCarreraLarga-768x171.png 768w\" sizes=\"auto, (max-width: 850px) 100vw, 850px\" \/><\/p>\n<p>El recorrido de esta s\u00e9ptima edici\u00f3n se basa en los caminos y sendas de otras marchas realizadas en a\u00f1os anteriores pero este a\u00f1o habr\u00e1 muchas novedades.<\/p>\n\n\n<p><\/p>\n","protected":false},"excerpt":{"rendered":"<p>Hemos tenido en cuenta los distintos niveles f\u00edsicos y t\u00e9cnicos. As\u00ed, ofertamos dos recorridos, uno corto de 40 km y 978 metros de desnivel positivo, y otro largo de 57 km y 1653 metros de desnivel positivo. Perfil del recorrido Corto: Descarga de track en GPX \u00a0 \u00a0 \u00a0 \u00a0 \u00a0 \u00a0 \u00a0 \u00a0 \u00a0 [&hellip;]<\/p>\n","protected":false},"author":1,"featured_media":115,"parent":2,"menu_order":1,"comment_status":"closed","ping_status":"closed","template":"","meta":{"footnotes":""},"class_list":["post-77","page","type-page","status-publish","has-post-thumbnail","czr-hentry"],"yoast_head":"<!-- This site is optimized with the Yoast SEO plugin v26.9 - https:\/\/yoast.com\/product\/yoast-seo-wordpress\/ -->\n<title>Recorrido - SAGRAMTBRACE<\/title>\n<meta name=\"robots\" content=\"index, follow, max-snippet:-1, max-image-preview:large, max-video-preview:-1\" \/>\n<link rel=\"canonical\" href=\"http:\/\/sagramtbrace.es\/?page_id=77\" \/>\n<meta property=\"og:locale\" content=\"es_ES\" \/>\n<meta property=\"og:type\" content=\"article\" \/>\n<meta property=\"og:title\" content=\"Recorrido - SAGRAMTBRACE\" \/>\n<meta property=\"og:description\" content=\"Hemos tenido en cuenta los distintos niveles f\u00edsicos y t\u00e9cnicos. As\u00ed, ofertamos dos recorridos, uno corto de 40 km y 978 metros de desnivel positivo, y otro largo de 57 km y 1653 metros de desnivel positivo. Perfil del recorrido Corto: Descarga de track en GPX \u00a0 \u00a0 \u00a0 \u00a0 \u00a0 \u00a0 \u00a0 \u00a0 \u00a0 [&hellip;]\" \/>\n<meta property=\"og:url\" content=\"http:\/\/sagramtbrace.es\/?page_id=77\" \/>\n<meta property=\"og:site_name\" content=\"SAGRAMTBRACE\" \/>\n<meta property=\"article:publisher\" content=\"https:\/\/www.facebook.com\/CC-Puebla-de-Don-Fadrique-464879460378435\/\" \/>\n<meta property=\"article:modified_time\" content=\"2025-05-21T16:57:07+00:00\" \/>\n<meta property=\"og:image\" content=\"http:\/\/sagramtbrace.es\/wp-content\/uploads\/2017\/12\/iconorecorrido275x250.png\" \/>\n\t<meta property=\"og:image:width\" content=\"275\" \/>\n\t<meta property=\"og:image:height\" content=\"250\" \/>\n\t<meta property=\"og:image:type\" content=\"image\/png\" \/>\n<meta name=\"twitter:card\" content=\"summary_large_image\" \/>\n<meta name=\"twitter:label1\" content=\"Tiempo de lectura\" \/>\n\t<meta name=\"twitter:data1\" content=\"2 minutos\" \/>\n<script type=\"application\/ld+json\" class=\"yoast-schema-graph\">{\"@context\":\"https:\/\/schema.org\",\"@graph\":[{\"@type\":\"WebPage\",\"@id\":\"http:\/\/sagramtbrace.es\/?page_id=77\",\"url\":\"http:\/\/sagramtbrace.es\/?page_id=77\",\"name\":\"Recorrido - SAGRAMTBRACE\",\"isPartOf\":{\"@id\":\"http:\/\/sagramtbrace.es\/#website\"},\"primaryImageOfPage\":{\"@id\":\"http:\/\/sagramtbrace.es\/?page_id=77#primaryimage\"},\"image\":{\"@id\":\"http:\/\/sagramtbrace.es\/?page_id=77#primaryimage\"},\"thumbnailUrl\":\"https:\/\/sagramtbrace.es\/wp-content\/uploads\/2017\/12\/iconorecorrido275x250.png\",\"datePublished\":\"2017-12-15T22:57:21+00:00\",\"dateModified\":\"2025-05-21T16:57:07+00:00\",\"breadcrumb\":{\"@id\":\"http:\/\/sagramtbrace.es\/?page_id=77#breadcrumb\"},\"inLanguage\":\"es\",\"potentialAction\":[{\"@type\":\"ReadAction\",\"target\":[\"http:\/\/sagramtbrace.es\/?page_id=77\"]}]},{\"@type\":\"ImageObject\",\"inLanguage\":\"es\",\"@id\":\"http:\/\/sagramtbrace.es\/?page_id=77#primaryimage\",\"url\":\"https:\/\/sagramtbrace.es\/wp-content\/uploads\/2017\/12\/iconorecorrido275x250.png\",\"contentUrl\":\"https:\/\/sagramtbrace.es\/wp-content\/uploads\/2017\/12\/iconorecorrido275x250.png\",\"width\":275,\"height\":250},{\"@type\":\"BreadcrumbList\",\"@id\":\"http:\/\/sagramtbrace.es\/?page_id=77#breadcrumb\",\"itemListElement\":[{\"@type\":\"ListItem\",\"position\":1,\"name\":\"Portada\",\"item\":\"http:\/\/sagramtbrace.es\/\"},{\"@type\":\"ListItem\",\"position\":2,\"name\":\"SAGRA MTB RACE 2025\",\"item\":\"http:\/\/sagramtbrace.es\/\"},{\"@type\":\"ListItem\",\"position\":3,\"name\":\"Recorrido\"}]},{\"@type\":\"WebSite\",\"@id\":\"http:\/\/sagramtbrace.es\/#website\",\"url\":\"http:\/\/sagramtbrace.es\/\",\"name\":\"SAGRAMTBRACE\",\"description\":\"Sagra MTB Race\",\"publisher\":{\"@id\":\"http:\/\/sagramtbrace.es\/#organization\"},\"potentialAction\":[{\"@type\":\"SearchAction\",\"target\":{\"@type\":\"EntryPoint\",\"urlTemplate\":\"http:\/\/sagramtbrace.es\/?s={search_term_string}\"},\"query-input\":{\"@type\":\"PropertyValueSpecification\",\"valueRequired\":true,\"valueName\":\"search_term_string\"}}],\"inLanguage\":\"es\"},{\"@type\":\"Organization\",\"@id\":\"http:\/\/sagramtbrace.es\/#organization\",\"name\":\"sagramtbrace\",\"url\":\"http:\/\/sagramtbrace.es\/\",\"logo\":{\"@type\":\"ImageObject\",\"inLanguage\":\"es\",\"@id\":\"http:\/\/sagramtbrace.es\/#\/schema\/logo\/image\/\",\"url\":\"http:\/\/sagramtbrace.es\/wp-content\/uploads\/2017\/12\/logoico512x512.png\",\"contentUrl\":\"http:\/\/sagramtbrace.es\/wp-content\/uploads\/2017\/12\/logoico512x512.png\",\"width\":512,\"height\":512,\"caption\":\"sagramtbrace\"},\"image\":{\"@id\":\"http:\/\/sagramtbrace.es\/#\/schema\/logo\/image\/\"},\"sameAs\":[\"https:\/\/www.facebook.com\/CC-Puebla-de-Don-Fadrique-464879460378435\/\"]}]}<\/script>\n<!-- \/ Yoast SEO plugin. -->","yoast_head_json":{"title":"Recorrido - SAGRAMTBRACE","robots":{"index":"index","follow":"follow","max-snippet":"max-snippet:-1","max-image-preview":"max-image-preview:large","max-video-preview":"max-video-preview:-1"},"canonical":"http:\/\/sagramtbrace.es\/?page_id=77","og_locale":"es_ES","og_type":"article","og_title":"Recorrido - SAGRAMTBRACE","og_description":"Hemos tenido en cuenta los distintos niveles f\u00edsicos y t\u00e9cnicos. As\u00ed, ofertamos dos recorridos, uno corto de 40 km y 978 metros de desnivel positivo, y otro largo de 57 km y 1653 metros de desnivel positivo. Perfil del recorrido Corto: Descarga de track en GPX \u00a0 \u00a0 \u00a0 \u00a0 \u00a0 \u00a0 \u00a0 \u00a0 \u00a0 [&hellip;]","og_url":"http:\/\/sagramtbrace.es\/?page_id=77","og_site_name":"SAGRAMTBRACE","article_publisher":"https:\/\/www.facebook.com\/CC-Puebla-de-Don-Fadrique-464879460378435\/","article_modified_time":"2025-05-21T16:57:07+00:00","og_image":[{"width":275,"height":250,"url":"http:\/\/sagramtbrace.es\/wp-content\/uploads\/2017\/12\/iconorecorrido275x250.png","type":"image\/png"}],"twitter_card":"summary_large_image","twitter_misc":{"Tiempo de lectura":"2 minutos"},"schema":{"@context":"https:\/\/schema.org","@graph":[{"@type":"WebPage","@id":"http:\/\/sagramtbrace.es\/?page_id=77","url":"http:\/\/sagramtbrace.es\/?page_id=77","name":"Recorrido - SAGRAMTBRACE","isPartOf":{"@id":"http:\/\/sagramtbrace.es\/#website"},"primaryImageOfPage":{"@id":"http:\/\/sagramtbrace.es\/?page_id=77#primaryimage"},"image":{"@id":"http:\/\/sagramtbrace.es\/?page_id=77#primaryimage"},"thumbnailUrl":"https:\/\/sagramtbrace.es\/wp-content\/uploads\/2017\/12\/iconorecorrido275x250.png","datePublished":"2017-12-15T22:57:21+00:00","dateModified":"2025-05-21T16:57:07+00:00","breadcrumb":{"@id":"http:\/\/sagramtbrace.es\/?page_id=77#breadcrumb"},"inLanguage":"es","potentialAction":[{"@type":"ReadAction","target":["http:\/\/sagramtbrace.es\/?page_id=77"]}]},{"@type":"ImageObject","inLanguage":"es","@id":"http:\/\/sagramtbrace.es\/?page_id=77#primaryimage","url":"https:\/\/sagramtbrace.es\/wp-content\/uploads\/2017\/12\/iconorecorrido275x250.png","contentUrl":"https:\/\/sagramtbrace.es\/wp-content\/uploads\/2017\/12\/iconorecorrido275x250.png","width":275,"height":250},{"@type":"BreadcrumbList","@id":"http:\/\/sagramtbrace.es\/?page_id=77#breadcrumb","itemListElement":[{"@type":"ListItem","position":1,"name":"Portada","item":"http:\/\/sagramtbrace.es\/"},{"@type":"ListItem","position":2,"name":"SAGRA MTB RACE 2025","item":"http:\/\/sagramtbrace.es\/"},{"@type":"ListItem","position":3,"name":"Recorrido"}]},{"@type":"WebSite","@id":"http:\/\/sagramtbrace.es\/#website","url":"http:\/\/sagramtbrace.es\/","name":"SAGRAMTBRACE","description":"Sagra MTB Race","publisher":{"@id":"http:\/\/sagramtbrace.es\/#organization"},"potentialAction":[{"@type":"SearchAction","target":{"@type":"EntryPoint","urlTemplate":"http:\/\/sagramtbrace.es\/?s={search_term_string}"},"query-input":{"@type":"PropertyValueSpecification","valueRequired":true,"valueName":"search_term_string"}}],"inLanguage":"es"},{"@type":"Organization","@id":"http:\/\/sagramtbrace.es\/#organization","name":"sagramtbrace","url":"http:\/\/sagramtbrace.es\/","logo":{"@type":"ImageObject","inLanguage":"es","@id":"http:\/\/sagramtbrace.es\/#\/schema\/logo\/image\/","url":"http:\/\/sagramtbrace.es\/wp-content\/uploads\/2017\/12\/logoico512x512.png","contentUrl":"http:\/\/sagramtbrace.es\/wp-content\/uploads\/2017\/12\/logoico512x512.png","width":512,"height":512,"caption":"sagramtbrace"},"image":{"@id":"http:\/\/sagramtbrace.es\/#\/schema\/logo\/image\/"},"sameAs":["https:\/\/www.facebook.com\/CC-Puebla-de-Don-Fadrique-464879460378435\/"]}]}},"_links":{"self":[{"href":"https:\/\/sagramtbrace.es\/index.php?rest_route=\/wp\/v2\/pages\/77","targetHints":{"allow":["GET"]}}],"collection":[{"href":"https:\/\/sagramtbrace.es\/index.php?rest_route=\/wp\/v2\/pages"}],"about":[{"href":"https:\/\/sagramtbrace.es\/index.php?rest_route=\/wp\/v2\/types\/page"}],"author":[{"embeddable":true,"href":"https:\/\/sagramtbrace.es\/index.php?rest_route=\/wp\/v2\/users\/1"}],"replies":[{"embeddable":true,"href":"https:\/\/sagramtbrace.es\/index.php?rest_route=%2Fwp%2Fv2%2Fcomments&post=77"}],"version-history":[{"count":66,"href":"https:\/\/sagramtbrace.es\/index.php?rest_route=\/wp\/v2\/pages\/77\/revisions"}],"predecessor-version":[{"id":869,"href":"https:\/\/sagramtbrace.es\/index.php?rest_route=\/wp\/v2\/pages\/77\/revisions\/869"}],"up":[{"embeddable":true,"href":"https:\/\/sagramtbrace.es\/index.php?rest_route=\/wp\/v2\/pages\/2"}],"wp:featuredmedia":[{"embeddable":true,"href":"https:\/\/sagramtbrace.es\/index.php?rest_route=\/wp\/v2\/media\/115"}],"wp:attachment":[{"href":"https:\/\/sagramtbrace.es\/index.php?rest_route=%2Fwp%2Fv2%2Fmedia&parent=77"}],"curies":[{"name":"wp","href":"https:\/\/api.w.org\/{rel}","templated":true}]}}