{"id":118,"date":"2017-12-18T15:25:15","date_gmt":"2017-12-18T15:25:15","guid":{"rendered":"http:\/\/sagramtbrace.es\/?page_id=118"},"modified":"2026-02-07T12:30:30","modified_gmt":"2026-02-07T12:30:30","slug":"reglamento-2","status":"publish","type":"page","link":"https:\/\/sagramtbrace.es\/?page_id=118","title":{"rendered":"Reglamento"},"content":{"rendered":"<h2><img loading=\"lazy\" decoding=\"async\" class=\"alignnone wp-image-157\" src=\"http:\/\/sagramtbrace.es\/wp-content\/uploads\/2017\/12\/logoclubhorizontal.png\" alt=\"\" width=\"276\" height=\"68\" srcset=\"https:\/\/sagramtbrace.es\/wp-content\/uploads\/2017\/12\/logoclubhorizontal.png 1535w, https:\/\/sagramtbrace.es\/wp-content\/uploads\/2017\/12\/logoclubhorizontal-300x73.png 300w, https:\/\/sagramtbrace.es\/wp-content\/uploads\/2017\/12\/logoclubhorizontal-768x188.png 768w, https:\/\/sagramtbrace.es\/wp-content\/uploads\/2017\/12\/logoclubhorizontal-1024x250.png 1024w\" sizes=\"auto, (max-width: 276px) 100vw, 276px\" \/>\u00a0 <img loading=\"lazy\" decoding=\"async\" class=\"wp-image-777 alignnone\" src=\"http:\/\/sagramtbrace.es\/wp-content\/uploads\/2024\/03\/WhatsApp-Image-2024-03-22-at-13.23.27.jpeg\" alt=\"\" width=\"144\" height=\"92\" srcset=\"https:\/\/sagramtbrace.es\/wp-content\/uploads\/2024\/03\/WhatsApp-Image-2024-03-22-at-13.23.27.jpeg 720w, https:\/\/sagramtbrace.es\/wp-content\/uploads\/2024\/03\/WhatsApp-Image-2024-03-22-at-13.23.27-300x193.jpeg 300w\" sizes=\"auto, (max-width: 144px) 100vw, 144px\" \/>\u00a0 \u00a0 \u00a0 <img loading=\"lazy\" decoding=\"async\" class=\"wp-image-74 alignnone\" src=\"http:\/\/sagramtbrace.es\/wp-content\/uploads\/2017\/12\/ayuntamiento.png\" alt=\"\" width=\"289\" height=\"62\" srcset=\"https:\/\/sagramtbrace.es\/wp-content\/uploads\/2017\/12\/ayuntamiento.png 486w, https:\/\/sagramtbrace.es\/wp-content\/uploads\/2017\/12\/ayuntamiento-300x64.png 300w\" sizes=\"auto, (max-width: 289px) 100vw, 289px\" \/><\/h2>\n<p><strong>Reglamento Prueba<\/strong><\/p>\n<p><strong>VIII Edici\u00f3n SAGRA MTB Race<\/strong><\/p>\n<p><strong><u>Art\u00edculo 1. Presentaci\u00f3n. <\/u><\/strong><\/p>\n<p>El domingo <strong>17 de mayo de 2026<\/strong>\u00a0se celebrar\u00e1 la sexta edici\u00f3n de la marcha SAGRA MTB Race en Puebla de Don Fadrique, organizada por el Excmo. Ayuntamiento de Puebla de Don Fadrique y colaborando el Club Ciclista Puebla de Don Fadrique, con salida y llegada en Avd. Santas M\u00e1rtires de Puebla de Don Fadrique, con aproximadamente unos 500 participantes.<\/p>\n<p><strong><u>Art\u00edculo 2. Inscripci\u00f3n e importe de la misma.<\/u><\/strong><\/p>\n<p>La inscripci\u00f3n se abrir\u00e1 el d\u00eda 16 de febrero de 2026 y se cerrar\u00e1 el d\u00eda 15 de mayo de 2026 o fin de inscripciones.<\/p>\n<p>La inscripci\u00f3n se realizar\u00e1 a trav\u00e9s de la web de la marcha:<\/p>\n<p><a href=\"https:\/\/www.global-tempo.com\/carreras.php?id=3014\"><strong>Global Tempo<\/strong><\/a><\/p>\n<p>En el momento en que se realice la inscripci\u00f3n se asignar\u00e1 a cada participante un n\u00famero de dorsal que ser\u00e1 personal e intransferible.<\/p>\n<p>El importe de la inscripci\u00f3n ser\u00e1 el siguiente:<\/p>\n<p><strong>40 \u20ac \/persona<\/strong><\/p>\n<p><strong><u>Art\u00edculo 3. Dorsales.<\/u><\/strong><\/p>\n<p>Los dorsales se entregar\u00e1n el d\u00eda 16 de mayo a partir de las 17:00h, hasta las 20:30h en el Excmo. Ayuntamiento. Tambi\u00e9n podr\u00e1s recogerlo de 7:30h a 8:30h del d\u00eda 17 de mayo en la zona de salida (Avd. Santas M\u00e1rtires).<\/p>\n<p><strong><u>Art\u00edculo 4. Control del tiempo.<\/u><\/strong><\/p>\n<p>El control del tiempo se realizar\u00e1 electr\u00f3nicamente por medio de un chip situado en el dorsal.<\/p>\n<p>Para que se contabilice el tiempo de los participantes ser\u00e1 preceptivo el paso por el arco de Salida y Meta en su caso, as\u00ed como por los puntos de control intermedios que la Organizaci\u00f3n estime oportuno situar durante el recorrido.<br \/>Por motivos de control de tiempo todos los participantes del recorrido largo a partir de las 12:30 horas deber\u00e1n optar por recorrido corto. El participante que sobrepase este horario y decida seguir por el recorrido largo, se le retira el dorsal y pasar\u00e1 a ser usuario normal de las v\u00edas p\u00fablicas quedando excluido de las coberturas.<\/p>\n<p>Una vez finalizada la prueba se confeccionar\u00e1n las clasificaciones que se publicar\u00e1n en la web de la marcha.<\/p>\n<p><strong><u>Art\u00edculo 5. Avituallamientos.<\/u><\/strong><\/p>\n<p>Habr\u00e1 5 avituallamientos a lo largo del recorrido de la prueba<\/p>\n<p>\u00a0 \u00a0 \u00a0 1 Avituallamiento l\u00edquido y s\u00f3lido<\/p>\n<ol start=\"2\">\n<li>Avituallamiento s\u00f3lido y l\u00edquido<\/li>\n<li>Avituallamiento l\u00edquido y s\u00f3lido<\/li>\n<li>Avituallamiento s\u00f3lido y l\u00edquido<\/li>\n<li>Avituallamiento s\u00f3lido y l\u00edquido<\/li>\n<\/ol>\n<p><strong><u>Art\u00edculo 6. Obsequios.<\/u><\/strong><\/p>\n<p>Se entregar\u00e1n los siguientes trofeos:<\/p>\n<p>Recorrido 63km:<\/p>\n<ol>\n<li>Trofeo a los tres primeros clasificados en categor\u00eda masculina.<br \/>2. Trofeo a las tres primeras clasificadas en categor\u00eda femenina.<br \/>\u00a03.\u00a0\u00a0 Trofeo los tres primeros clasificados categor\u00eda \u00e9lite unisex.<\/li>\n<li>Trofeo a los tres primeros clasificados M\u00e1ster 30 unisex.<\/li>\n<li>\u00a0Trofeo a los tres primeros clasificados M\u00e1ster 40 unisex.<\/li>\n<li>Trofeo a los tres primeros clasificados M\u00e1ster 50 unisex.<\/li>\n<li>Trofeo a los tres primeros clasificados Locales.<\/li>\n<li>Trofeo a los tres primeros clasificados Junior.<\/li>\n<\/ol>\n<p>Recorrido 41km:<\/p>\n<ol>\n<li>Trofeo a los tres primeros clasificados en categor\u00eda masculina.<\/li>\n<li>Trofeo a las tres primeras clasificadas en categor\u00eda femenina.<\/li>\n<li>Trofeo a los tres primeros clasificados locales masculinos.<\/li>\n<li>Trofeo a las tres primeras clasificadas locales femeninas.<\/li>\n<li>Trofeo a los tres primeros clasificados en categor\u00eda junior.<\/li>\n<\/ol>\n<p><strong><u>Art\u00edculo 7. Servicios.<\/u><\/strong><\/p>\n<p>Se contar\u00e1 con el servicio de ambulancia.<\/p>\n<p>Se contar\u00e1 con personal voluntariado<\/p>\n<p>Se contar\u00e1 con la Polic\u00eda Local.<\/p>\n<p><strong><u>Articulo8. <\/u><\/strong><strong><u>Motivos de descalificaci\u00f3n.<\/u><\/strong><\/p>\n<p>No llevar casco r\u00edgido homologado durante toda la prueba.<\/p>\n<p>Realizar cualquier acci\u00f3n voluntaria que pueda da\u00f1ar el entorno natural.<\/p>\n<p>\u00a0Arrojar cualquier tipo de basura durante el recorrido fuera de los contenedores facilitados por la Organizaci\u00f3n.<\/p>\n<p>No realizar el recorrido completo de la marcha atajando, abandonar el recorrido delimitado y\/o no pasar por alg\u00fan punto de control.<\/p>\n<p>No llevar el dorsal colocado en el manillar, ocultarlo o manipularlo.<\/p>\n<p>Participar con el dorsal asignado a otro participante o no autorizado por la Organizaci\u00f3n.<\/p>\n<p>Realizar la inscripci\u00f3n con datos falsos y\/o alterados.<\/p>\n<p>Manifestar comportamientos no deportivos y\/o no respetuosos para con los miembros de la Organizaci\u00f3n, colaboradores, p\u00fablico y resto de participantes.<\/p>\n<p>Enga\u00f1ar u ocultar malintencionadamente informaci\u00f3n del recorrido durante la prueba a otros participantes.<\/p>\n<p>Ser responsable o part\u00edcipe negligente en un accidente en el que se vea envuelto con otro participante.<\/p>\n<p>Manifestar claros s\u00edntomas de malestar f\u00edsico que puedan derivar en alg\u00fan agravamiento de la salud.<\/p>\n<p>Cualquier otro motivo no reflejado entre los puntos anteriores que se considere punible de sanci\u00f3n.<\/p>\n<p><strong><u>Art\u00edculo 9. Responsabilidad.<\/u><\/strong><\/p>\n<p>En el momento de la inscripci\u00f3n cada participante pone de manifiesto que se encuentra en una forma f\u00edsica y ps\u00edquica \u00f3ptima para participar en esta prueba y asume, de igual manera, el riesgo que comporta la pr\u00e1ctica deportiva.<\/p>\n<p>La Organizaci\u00f3n no se har\u00e1 responsable de los da\u00f1os, perjuicios o lesiones que pudieran sufrir el participante de esta prueba o aquellos que pudieran ocasionar a terceros, as\u00ed como tampoco de cuantos gastos, deudas o da\u00f1os pudiera contraer en el transcurso del evento. La Organizaci\u00f3n tampoco se har\u00e1 responsable de las aver\u00edas sufridas en las bicicletas como consecuencia de la pr\u00e1ctica deportiva.<\/p>\n<p>El participante renuncia, por tanto, a emprender acciones legales que pudieran derivar de su participaci\u00f3n en la prueba contra la Organizaci\u00f3n de la misma.<\/p>\n<p>El participante en el momento de la inscripci\u00f3n manifiesta que conoce el paso de la marcha por carreteras nacional, auton\u00f3mica, provincial y local, quedando obligado a cumplir las normas de circulaci\u00f3n vial vigentes, siendo el \u00fanico responsable de las infracciones que pudiera cometer.<\/p>\n<p>En caso de aplazamiento o suspensi\u00f3n de la marcha por causas de fuerza mayor la Organizaci\u00f3n no asumir\u00e1 ning\u00fan tipo de responsabilidad.<\/p>\n<p><strong><u>Art\u00edculo 10. Cambios.<\/u><\/strong><\/p>\n<p>La Organizaci\u00f3n se reserva el derecho de realizar cualquier tipo de cambio de car\u00e1cter organizativo que sea en beneficio de los participantes, debiendo comunicar dichos cambios, en el caso de que se produzcan, antes de la salida en cualquier momento y por el medio que estime m\u00e1s oportuno.<\/p>\n<p>La Organizaci\u00f3n se reserva el derecho a suspender o aplazar la prueba cuando observe un riesgo inherente para la seguridad de los participantes o as\u00ed se lo hayan manifestado las Autoridades competentes.<\/p>\n<p style=\"text-align: left;\"><strong><u>Art\u00edculo11.<\/u><\/strong><strong><u> Aceptaci\u00f3n del Reglamento y declaraci\u00f3n.<\/u><\/strong><\/p>\n<p>Al inscribirse libre y voluntariamente, el participante en la marcha declara conocer y aceptar plenamente este Reglamento, y en caso de duda o de surgir alguna situaci\u00f3n no reflejada en el mismo, prevalecer\u00e1 lo que disponga a tal efecto la Organizaci\u00f3n.<\/p>\n<p>En el momento de la inscripci\u00f3n el participante declara lo siguiente:<\/p>\n<p>\u00a0Conocer que la prueba discurre en algunos tramos por v\u00edas p\u00fablicas abiertas al tr\u00e1fico.<\/p>\n<p>Aceptar los riesgos inherentes a la participaci\u00f3n de dicha prueba abierta al tr\u00e1fico.<\/p>\n<p>Comprometerme a cumplir las normas de la Ley de Seguridad Vial y de su Reglamento, velando por mi seguridad y del resto de participantes y usuarios de la v\u00eda p\u00fablica.<\/p>\n<p>\u00a0Eximir al Ayuntamiento de Puebla de Don Fadrique y El Club Ciclista Puebla de Don Fadrique y\/o a cualquier persona f\u00edsica o jur\u00eddica vinculada con la organizaci\u00f3n de la prueba, de las responsabilidades derivadas de cualquier accidente causado tanto por motivo de hechos de la circulaci\u00f3n como por accidentes deportivos.<\/p>\n<p>Eximir a los anteriormente se\u00f1alados de cualquier perjuicio que, por motivos de salud, pudieran derivarse de mi participaci\u00f3n en esta marcha ciclo-turista, asumiendo personalmente el riesgo inherente para la salud que supone el esfuerzo f\u00edsico requerido para la participaci\u00f3n en esta prueba. <br \/>Conocer y aceptar, por haber sido informado de ello de: <br \/>La existencia de todo tipo de veh\u00edculos ajenos a la Organizaci\u00f3n circulando por el recorrido de la prueba.<\/p>\n<p>Que dichos veh\u00edculos circulan como usuarios normales de las v\u00edas p\u00fablicas.<br \/>Que me puedo encontrar con todo tipo de veh\u00edculos circulando tanto sentido contrario al de la marcha de la prueba como en el mismo sentido al desarrollo de la misma.<\/p>\n<p>Que existen cruces en la prueba pudiendo no estar controlados, en los cuales pueden incorporarse veh\u00edculos.<\/p>\n<p>\u00a0Que existen tramos peligrosos en los que deber\u00e9 extremar la precauci\u00f3n.<br \/>Que existen descensos prolongados con curvas en los que moderar\u00e9 la velocidad a fin de evitar da\u00f1os propios y\/o ajenos.<\/p>\n<p>Que existe la posibilidad de sufrir un accidente deportivo inherente a la pr\u00e1ctica del ciclismo, asumiendo personalmente la responsabilidad de los accidentes que pudiera causar a cualquier participante de la prueba, excluyendo a la Organizaci\u00f3n de cualquier responsabilidad derivada de estos accidentes.<\/p>\n<p>Que existe la posibilidad de causar un accidente a un tercero ajeno a la prueba, asumiendo personalmente la responsabilidad \u00edntegra de este accidente y excluyendo a la Organizaci\u00f3n de cualquier responsabilidad derivada de estos accidentes.<\/p>\n<p>Autorizar a la Organizaci\u00f3n al uso de fotos, v\u00eddeos y nombre completo en la clasificaci\u00f3n de la prueba, en los medios de comunicaci\u00f3n y\/o Internet, sin esperar pago, compensaci\u00f3n o retribuci\u00f3n alguna por este concepto\u00bb.<\/p>\n<p><strong><u>Dec\u00e1logo medioambiental y de los valores naturales del espacio:<\/u><\/strong><\/p>\n<p><strong>Es de obligado cumplimiento y conocimiento para todos los corredores que la prueba se desarrolla, en su mayor parte, por el espacio protegido Red Natura 2000 Zona Especial de Conservaci\u00f3n (ZEC) Sierra de La Sagra (ES6140005).<\/strong><\/p>\n<p><strong><u>\u00a0<\/u><\/strong><\/p>\n<p><strong><u>Art\u00edculo 12. Recorrido.<\/u><\/strong><\/p>\n<p>La Organizaci\u00f3n se\u00f1alizar\u00e1 el recorrido de la mejor manera posible. A pesar de ello, el participante tiene la obligaci\u00f3n de conocerlo, sin hacer responsable a la Organizaci\u00f3n de su desorientaci\u00f3n, extrav\u00edo o p\u00e9rdida del trayecto.<\/p>\n<p><strong><u>Art\u00edculo 13. Derecho a la imagen.<\/u><\/strong><\/p>\n<p>La inscripci\u00f3n en la prueba y la aceptaci\u00f3n del presente Reglamento implica que el participante da su consentimiento a la Organizaci\u00f3n para la captaci\u00f3n de su imagen por distintos medios (video, fotograf\u00eda, etc.), presta su autorizaci\u00f3n ante la posible difusi\u00f3n de su imagen en diversos medios y formatos (prensa, Internet, etc.) y cede los derechos comerciales y publicitarios que pudieran ocasionar dichas im\u00e1genes, renunciando, en todo caso, a recibir compensaci\u00f3n alguna por dichos conceptos.<\/p>\n<p><strong><u>Art\u00edculo 14. Garant\u00edas.<\/u><\/strong><\/p>\n<p>El tratamiento que de los datos personales de los participantes se realizar\u00e1 conforme a la Ley Org\u00e1nica 15\/1999, de 13 de diciembre, de Protecci\u00f3n de Datos de Car\u00e1cter Personal, estando destinados los mismos a la gesti\u00f3n administrativa de la prueba.<\/p>\n<h3>\u00a0<\/h3>\n<h3>\u00a0<\/h3>\n<h3>\u00a0<\/h3>\n<h3>\u00a0<\/h3>\n<h3>\u00a0<\/h3>\n<h3>\u00a0<\/h3>\n<h3>\u00a0<\/h3>\n<h3>\u00a0<\/h3>\n<h3>\u00a0<\/h3>\n<h3>\u00a0<\/h3>\n<h3>\u00a0<\/h3>\n\n\n<p><\/p>\n","protected":false},"excerpt":{"rendered":"<p>\u00a0 \u00a0 \u00a0 \u00a0 Reglamento Prueba VIII Edici\u00f3n SAGRA MTB Race Art\u00edculo 1. Presentaci\u00f3n. El domingo 17 de mayo de 2026\u00a0se celebrar\u00e1 la sexta edici\u00f3n de la marcha SAGRA MTB Race en Puebla de Don Fadrique, organizada por el Excmo. Ayuntamiento de Puebla de Don Fadrique y colaborando el Club Ciclista Puebla de Don Fadrique, [&hellip;]<\/p>\n","protected":false},"author":1,"featured_media":0,"parent":2,"menu_order":3,"comment_status":"closed","ping_status":"closed","template":"","meta":{"footnotes":""},"class_list":["post-118","page","type-page","status-publish","czr-hentry"],"yoast_head":"<!-- This site is optimized with the Yoast SEO plugin v26.9 - https:\/\/yoast.com\/product\/yoast-seo-wordpress\/ -->\n<title>Reglamento - SAGRAMTBRACE<\/title>\n<meta name=\"robots\" content=\"index, follow, max-snippet:-1, max-image-preview:large, max-video-preview:-1\" \/>\n<link rel=\"canonical\" href=\"https:\/\/sagramtbrace.es\/?page_id=118\" \/>\n<meta property=\"og:locale\" content=\"es_ES\" \/>\n<meta property=\"og:type\" content=\"article\" \/>\n<meta property=\"og:title\" content=\"Reglamento - SAGRAMTBRACE\" \/>\n<meta property=\"og:description\" content=\"\u00a0 \u00a0 \u00a0 \u00a0 Reglamento Prueba VIII Edici\u00f3n SAGRA MTB Race Art\u00edculo 1. Presentaci\u00f3n. El domingo 17 de mayo de 2026\u00a0se celebrar\u00e1 la sexta edici\u00f3n de la marcha SAGRA MTB Race en Puebla de Don Fadrique, organizada por el Excmo. Ayuntamiento de Puebla de Don Fadrique y colaborando el Club Ciclista Puebla de Don Fadrique, [&hellip;]\" \/>\n<meta property=\"og:url\" content=\"https:\/\/sagramtbrace.es\/?page_id=118\" \/>\n<meta property=\"og:site_name\" content=\"SAGRAMTBRACE\" \/>\n<meta property=\"article:publisher\" content=\"https:\/\/www.facebook.com\/CC-Puebla-de-Don-Fadrique-464879460378435\/\" \/>\n<meta property=\"article:modified_time\" content=\"2026-02-07T12:30:30+00:00\" \/>\n<meta property=\"og:image\" content=\"http:\/\/sagramtbrace.es\/wp-content\/uploads\/2017\/12\/logoclubhorizontal.png\" \/>\n<meta name=\"twitter:card\" content=\"summary_large_image\" \/>\n<meta name=\"twitter:label1\" content=\"Tiempo de lectura\" \/>\n\t<meta name=\"twitter:data1\" content=\"8 minutos\" \/>\n<script type=\"application\/ld+json\" class=\"yoast-schema-graph\">{\"@context\":\"https:\/\/schema.org\",\"@graph\":[{\"@type\":\"WebPage\",\"@id\":\"https:\/\/sagramtbrace.es\/?page_id=118\",\"url\":\"https:\/\/sagramtbrace.es\/?page_id=118\",\"name\":\"Reglamento - SAGRAMTBRACE\",\"isPartOf\":{\"@id\":\"https:\/\/sagramtbrace.es\/#website\"},\"primaryImageOfPage\":{\"@id\":\"https:\/\/sagramtbrace.es\/?page_id=118#primaryimage\"},\"image\":{\"@id\":\"https:\/\/sagramtbrace.es\/?page_id=118#primaryimage\"},\"thumbnailUrl\":\"http:\/\/sagramtbrace.es\/wp-content\/uploads\/2017\/12\/logoclubhorizontal.png\",\"datePublished\":\"2017-12-18T15:25:15+00:00\",\"dateModified\":\"2026-02-07T12:30:30+00:00\",\"breadcrumb\":{\"@id\":\"https:\/\/sagramtbrace.es\/?page_id=118#breadcrumb\"},\"inLanguage\":\"es\",\"potentialAction\":[{\"@type\":\"ReadAction\",\"target\":[\"https:\/\/sagramtbrace.es\/?page_id=118\"]}]},{\"@type\":\"ImageObject\",\"inLanguage\":\"es\",\"@id\":\"https:\/\/sagramtbrace.es\/?page_id=118#primaryimage\",\"url\":\"https:\/\/sagramtbrace.es\/wp-content\/uploads\/2017\/12\/logoclubhorizontal.png\",\"contentUrl\":\"https:\/\/sagramtbrace.es\/wp-content\/uploads\/2017\/12\/logoclubhorizontal.png\",\"width\":1535,\"height\":375},{\"@type\":\"BreadcrumbList\",\"@id\":\"https:\/\/sagramtbrace.es\/?page_id=118#breadcrumb\",\"itemListElement\":[{\"@type\":\"ListItem\",\"position\":1,\"name\":\"Portada\",\"item\":\"https:\/\/sagramtbrace.es\/\"},{\"@type\":\"ListItem\",\"position\":2,\"name\":\"SAGRA MTB RACE 2025\",\"item\":\"https:\/\/sagramtbrace.es\/\"},{\"@type\":\"ListItem\",\"position\":3,\"name\":\"Reglamento\"}]},{\"@type\":\"WebSite\",\"@id\":\"https:\/\/sagramtbrace.es\/#website\",\"url\":\"https:\/\/sagramtbrace.es\/\",\"name\":\"SAGRAMTBRACE\",\"description\":\"Sagra MTB Race\",\"publisher\":{\"@id\":\"https:\/\/sagramtbrace.es\/#organization\"},\"potentialAction\":[{\"@type\":\"SearchAction\",\"target\":{\"@type\":\"EntryPoint\",\"urlTemplate\":\"https:\/\/sagramtbrace.es\/?s={search_term_string}\"},\"query-input\":{\"@type\":\"PropertyValueSpecification\",\"valueRequired\":true,\"valueName\":\"search_term_string\"}}],\"inLanguage\":\"es\"},{\"@type\":\"Organization\",\"@id\":\"https:\/\/sagramtbrace.es\/#organization\",\"name\":\"sagramtbrace\",\"url\":\"https:\/\/sagramtbrace.es\/\",\"logo\":{\"@type\":\"ImageObject\",\"inLanguage\":\"es\",\"@id\":\"https:\/\/sagramtbrace.es\/#\/schema\/logo\/image\/\",\"url\":\"http:\/\/sagramtbrace.es\/wp-content\/uploads\/2017\/12\/logoico512x512.png\",\"contentUrl\":\"http:\/\/sagramtbrace.es\/wp-content\/uploads\/2017\/12\/logoico512x512.png\",\"width\":512,\"height\":512,\"caption\":\"sagramtbrace\"},\"image\":{\"@id\":\"https:\/\/sagramtbrace.es\/#\/schema\/logo\/image\/\"},\"sameAs\":[\"https:\/\/www.facebook.com\/CC-Puebla-de-Don-Fadrique-464879460378435\/\"]}]}<\/script>\n<!-- \/ Yoast SEO plugin. -->","yoast_head_json":{"title":"Reglamento - SAGRAMTBRACE","robots":{"index":"index","follow":"follow","max-snippet":"max-snippet:-1","max-image-preview":"max-image-preview:large","max-video-preview":"max-video-preview:-1"},"canonical":"https:\/\/sagramtbrace.es\/?page_id=118","og_locale":"es_ES","og_type":"article","og_title":"Reglamento - SAGRAMTBRACE","og_description":"\u00a0 \u00a0 \u00a0 \u00a0 Reglamento Prueba VIII Edici\u00f3n SAGRA MTB Race Art\u00edculo 1. Presentaci\u00f3n. El domingo 17 de mayo de 2026\u00a0se celebrar\u00e1 la sexta edici\u00f3n de la marcha SAGRA MTB Race en Puebla de Don Fadrique, organizada por el Excmo. Ayuntamiento de Puebla de Don Fadrique y colaborando el Club Ciclista Puebla de Don Fadrique, [&hellip;]","og_url":"https:\/\/sagramtbrace.es\/?page_id=118","og_site_name":"SAGRAMTBRACE","article_publisher":"https:\/\/www.facebook.com\/CC-Puebla-de-Don-Fadrique-464879460378435\/","article_modified_time":"2026-02-07T12:30:30+00:00","og_image":[{"url":"http:\/\/sagramtbrace.es\/wp-content\/uploads\/2017\/12\/logoclubhorizontal.png","type":"","width":"","height":""}],"twitter_card":"summary_large_image","twitter_misc":{"Tiempo de lectura":"8 minutos"},"schema":{"@context":"https:\/\/schema.org","@graph":[{"@type":"WebPage","@id":"https:\/\/sagramtbrace.es\/?page_id=118","url":"https:\/\/sagramtbrace.es\/?page_id=118","name":"Reglamento - SAGRAMTBRACE","isPartOf":{"@id":"https:\/\/sagramtbrace.es\/#website"},"primaryImageOfPage":{"@id":"https:\/\/sagramtbrace.es\/?page_id=118#primaryimage"},"image":{"@id":"https:\/\/sagramtbrace.es\/?page_id=118#primaryimage"},"thumbnailUrl":"http:\/\/sagramtbrace.es\/wp-content\/uploads\/2017\/12\/logoclubhorizontal.png","datePublished":"2017-12-18T15:25:15+00:00","dateModified":"2026-02-07T12:30:30+00:00","breadcrumb":{"@id":"https:\/\/sagramtbrace.es\/?page_id=118#breadcrumb"},"inLanguage":"es","potentialAction":[{"@type":"ReadAction","target":["https:\/\/sagramtbrace.es\/?page_id=118"]}]},{"@type":"ImageObject","inLanguage":"es","@id":"https:\/\/sagramtbrace.es\/?page_id=118#primaryimage","url":"https:\/\/sagramtbrace.es\/wp-content\/uploads\/2017\/12\/logoclubhorizontal.png","contentUrl":"https:\/\/sagramtbrace.es\/wp-content\/uploads\/2017\/12\/logoclubhorizontal.png","width":1535,"height":375},{"@type":"BreadcrumbList","@id":"https:\/\/sagramtbrace.es\/?page_id=118#breadcrumb","itemListElement":[{"@type":"ListItem","position":1,"name":"Portada","item":"https:\/\/sagramtbrace.es\/"},{"@type":"ListItem","position":2,"name":"SAGRA MTB RACE 2025","item":"https:\/\/sagramtbrace.es\/"},{"@type":"ListItem","position":3,"name":"Reglamento"}]},{"@type":"WebSite","@id":"https:\/\/sagramtbrace.es\/#website","url":"https:\/\/sagramtbrace.es\/","name":"SAGRAMTBRACE","description":"Sagra MTB Race","publisher":{"@id":"https:\/\/sagramtbrace.es\/#organization"},"potentialAction":[{"@type":"SearchAction","target":{"@type":"EntryPoint","urlTemplate":"https:\/\/sagramtbrace.es\/?s={search_term_string}"},"query-input":{"@type":"PropertyValueSpecification","valueRequired":true,"valueName":"search_term_string"}}],"inLanguage":"es"},{"@type":"Organization","@id":"https:\/\/sagramtbrace.es\/#organization","name":"sagramtbrace","url":"https:\/\/sagramtbrace.es\/","logo":{"@type":"ImageObject","inLanguage":"es","@id":"https:\/\/sagramtbrace.es\/#\/schema\/logo\/image\/","url":"http:\/\/sagramtbrace.es\/wp-content\/uploads\/2017\/12\/logoico512x512.png","contentUrl":"http:\/\/sagramtbrace.es\/wp-content\/uploads\/2017\/12\/logoico512x512.png","width":512,"height":512,"caption":"sagramtbrace"},"image":{"@id":"https:\/\/sagramtbrace.es\/#\/schema\/logo\/image\/"},"sameAs":["https:\/\/www.facebook.com\/CC-Puebla-de-Don-Fadrique-464879460378435\/"]}]}},"_links":{"self":[{"href":"https:\/\/sagramtbrace.es\/index.php?rest_route=\/wp\/v2\/pages\/118","targetHints":{"allow":["GET"]}}],"collection":[{"href":"https:\/\/sagramtbrace.es\/index.php?rest_route=\/wp\/v2\/pages"}],"about":[{"href":"https:\/\/sagramtbrace.es\/index.php?rest_route=\/wp\/v2\/types\/page"}],"author":[{"embeddable":true,"href":"https:\/\/sagramtbrace.es\/index.php?rest_route=\/wp\/v2\/users\/1"}],"replies":[{"embeddable":true,"href":"https:\/\/sagramtbrace.es\/index.php?rest_route=%2Fwp%2Fv2%2Fcomments&post=118"}],"version-history":[{"count":37,"href":"https:\/\/sagramtbrace.es\/index.php?rest_route=\/wp\/v2\/pages\/118\/revisions"}],"predecessor-version":[{"id":901,"href":"https:\/\/sagramtbrace.es\/index.php?rest_route=\/wp\/v2\/pages\/118\/revisions\/901"}],"up":[{"embeddable":true,"href":"https:\/\/sagramtbrace.es\/index.php?rest_route=\/wp\/v2\/pages\/2"}],"wp:attachment":[{"href":"https:\/\/sagramtbrace.es\/index.php?rest_route=%2Fwp%2Fv2%2Fmedia&parent=118"}],"curies":[{"name":"wp","href":"https:\/\/api.w.org\/{rel}","templated":true}]}}